{"id":2036,"date":"2019-06-23T14:08:13","date_gmt":"2019-06-23T14:08:13","guid":{"rendered":"https:\/\/casesdeltaebre.com\/balada\/"},"modified":"2023-01-13T15:02:36","modified_gmt":"2023-01-13T15:02:36","slug":"balada","status":"publish","type":"page","link":"https:\/\/casesdeltaebre.com\/es\/balada\/","title":{"rendered":"Balada"},"content":{"rendered":"<section class=\"wpb-content-wrapper\"><p>[vc_row][vc_column][vc_column_text]<\/p>\n<h3><strong>El para\u00edso de la tranquilidad.<\/strong><\/h3>\n<h4><strong>Balada<\/strong> es un peque\u00f1o n\u00facleo urbano situado en el <strong>Delta del Ebro<\/strong>, situado justo enfrente de la isla de Gracia, junto al r\u00edo Ebro. Pertenece a los t\u00e9rminos municipales de Amposta y de San Jaime, ya que se encuentra situado en el l\u00edmite entre los dos t\u00e9rminos, entre la orilla derecha del Ebro y el canal de la Derecha. Curiosamente, la separaci\u00f3n entre los dos t\u00e9rminos municipales a los que pertenece se localiza en las dos bandas de su \u00fanica calle, la calle San Crist\u00f3bal.<\/h4>\n<h4>Dentro del n\u00facleo destaca la presencia de un <strong>adelfa<\/strong> de grandes dimensiones, el Baladre de Balada, un arbusto que ha convertido en el emblema de esta peque\u00f1a localidad. Por sus extraordinarias dimensiones, este adelfa ha sido catalogado como <strong>\u00c1rbol Monumental<\/strong>.<\/h4>\n<h4>Es un pueblo muy peque\u00f1o, pero hace unas d\u00e9cadas hab\u00eda acogido cerca de veinte familias. Actualmente uno de sus grandes atractivos es el <strong>Paseo Fluvial<\/strong> que desde Amposta hasta la desembocadura del Ebro y pasa a tocar, y el <strong>embarcadero<\/strong>, un lugar muy agradable para tomar el fresco y donde se puede hacer navegaci\u00f3n en kayak por el r\u00edo.<\/h4>\n<p>[\/vc_column_text][\/vc_column][\/vc_row][vc_row][vc_column width=\u00bb1\/2&#8243;][vc_gallery type=\u00bbflexslider_slide\u00bb interval=\u00bb3&#8243; images=\u00bb2808,2804,1442,1622,1619,1436&#8243; img_size=\u00bblarge\u00bb][\/vc_column][vc_column width=\u00bb1\/2&#8243;][\/vc_column][\/vc_row]<\/p>\n<\/section>","protected":false},"excerpt":{"rendered":"<p>[vc_row][vc_column][vc_column_text] El para\u00edso de la tranquilidad. Balada es un peque\u00f1o n\u00facleo urbano situado en el Delta del Ebro, situado justo enfrente de la isla de Gracia, junto al r\u00edo Ebro. Pertenece a los t\u00e9rminos municipales de Amposta y de San Jaime, ya que se encuentra situado en el l\u00edmite entre los dos t\u00e9rminos, entre la &#8230; <a title=\"Balada\" class=\"read-more\" href=\"https:\/\/casesdeltaebre.com\/es\/balada\/\" aria-label=\"M\u00e1s en Balada\">Leer m\u00e1s<\/a><\/p>\n","protected":false},"author":1,"featured_media":0,"parent":0,"menu_order":0,"comment_status":"closed","ping_status":"closed","template":"","meta":{"_exactmetrics_skip_tracking":false,"_exactmetrics_sitenote_active":false,"_exactmetrics_sitenote_note":"","_exactmetrics_sitenote_category":0,"footnotes":""},"class_list":["post-2036","page","type-page","status-publish"],"yoast_head":"<!-- This site is optimized with the Yoast SEO plugin v20.2 - https:\/\/yoast.com\/wordpress\/plugins\/seo\/ -->\n<title>Balada - Cases del Delta<\/title>\n<meta name=\"description\" content=\"Descubre el peque\u00f1o pueblo de Balada desde las CASETAS DEL DELTA, en el centro mismo del Delta del Ebro. Una visita inolvidable.\" \/>\n<meta name=\"robots\" content=\"index, follow, max-snippet:-1, max-image-preview:large, max-video-preview:-1\" \/>\n<link rel=\"canonical\" href=\"https:\/\/casesdeltaebre.com\/es\/balada\/\" \/>\n<meta property=\"og:locale\" content=\"es_ES\" \/>\n<meta property=\"og:type\" content=\"article\" \/>\n<meta property=\"og:title\" content=\"Balada - Cases del Delta\" \/>\n<meta property=\"og:description\" content=\"Descubre el peque\u00f1o pueblo de Balada desde las CASETAS DEL DELTA, en el centro mismo del Delta del Ebro. Una visita inolvidable.\" \/>\n<meta property=\"og:url\" content=\"https:\/\/casesdeltaebre.com\/es\/balada\/\" \/>\n<meta property=\"og:site_name\" content=\"Cases del Delta\" \/>\n<meta property=\"article:modified_time\" content=\"2023-01-13T15:02:36+00:00\" \/>\n<meta name=\"twitter:card\" content=\"summary_large_image\" \/>\n<meta name=\"twitter:label1\" content=\"Tiempo de lectura\" \/>\n\t<meta name=\"twitter:data1\" content=\"1 minuto\" \/>\n<script type=\"application\/ld+json\" class=\"yoast-schema-graph\">{\"@context\":\"https:\/\/schema.org\",\"@graph\":[{\"@type\":\"WebPage\",\"@id\":\"https:\/\/casesdeltaebre.com\/es\/balada\/\",\"url\":\"https:\/\/casesdeltaebre.com\/es\/balada\/\",\"name\":\"Balada - Cases del Delta\",\"isPartOf\":{\"@id\":\"https:\/\/casesdeltaebre.com\/es\/#website\"},\"datePublished\":\"2019-06-23T14:08:13+00:00\",\"dateModified\":\"2023-01-13T15:02:36+00:00\",\"description\":\"Descubre el peque\u00f1o pueblo de Balada desde las CASETAS DEL DELTA, en el centro mismo del Delta del Ebro. Una visita inolvidable.\",\"breadcrumb\":{\"@id\":\"https:\/\/casesdeltaebre.com\/es\/balada\/#breadcrumb\"},\"inLanguage\":\"es\",\"potentialAction\":[{\"@type\":\"ReadAction\",\"target\":[\"https:\/\/casesdeltaebre.com\/es\/balada\/\"]}]},{\"@type\":\"BreadcrumbList\",\"@id\":\"https:\/\/casesdeltaebre.com\/es\/balada\/#breadcrumb\",\"itemListElement\":[{\"@type\":\"ListItem\",\"position\":1,\"name\":\"Portada\",\"item\":\"https:\/\/casesdeltaebre.com\/es\/\"},{\"@type\":\"ListItem\",\"position\":2,\"name\":\"Balada\"}]},{\"@type\":\"WebSite\",\"@id\":\"https:\/\/casesdeltaebre.com\/es\/#website\",\"url\":\"https:\/\/casesdeltaebre.com\/es\/\",\"name\":\"Cases del Delta\",\"description\":\"Ecoturisme al Delta de l&#039;Ebre\",\"publisher\":{\"@id\":\"https:\/\/casesdeltaebre.com\/es\/#organization\"},\"potentialAction\":[{\"@type\":\"SearchAction\",\"target\":{\"@type\":\"EntryPoint\",\"urlTemplate\":\"https:\/\/casesdeltaebre.com\/es\/?s={search_term_string}\"},\"query-input\":\"required name=search_term_string\"}],\"inLanguage\":\"es\"},{\"@type\":\"Organization\",\"@id\":\"https:\/\/casesdeltaebre.com\/es\/#organization\",\"name\":\"Cases del Delta\",\"url\":\"https:\/\/casesdeltaebre.com\/es\/\",\"logo\":{\"@type\":\"ImageObject\",\"inLanguage\":\"es\",\"@id\":\"https:\/\/casesdeltaebre.com\/es\/#\/schema\/logo\/image\/\",\"url\":\"https:\/\/casesdeltaebre.com\/wp-content\/uploads\/2019\/06\/cropped-LogoCasesDeltaHoritzontal-1.png\",\"contentUrl\":\"https:\/\/casesdeltaebre.com\/wp-content\/uploads\/2019\/06\/cropped-LogoCasesDeltaHoritzontal-1.png\",\"width\":938,\"height\":205,\"caption\":\"Cases del Delta\"},\"image\":{\"@id\":\"https:\/\/casesdeltaebre.com\/es\/#\/schema\/logo\/image\/\"}}]}<\/script>\n<!-- \/ Yoast SEO plugin. -->","yoast_head_json":{"title":"Balada - Cases del Delta","description":"Descubre el peque\u00f1o pueblo de Balada desde las CASETAS DEL DELTA, en el centro mismo del Delta del Ebro. Una visita inolvidable.","robots":{"index":"index","follow":"follow","max-snippet":"max-snippet:-1","max-image-preview":"max-image-preview:large","max-video-preview":"max-video-preview:-1"},"canonical":"https:\/\/casesdeltaebre.com\/es\/balada\/","og_locale":"es_ES","og_type":"article","og_title":"Balada - Cases del Delta","og_description":"Descubre el peque\u00f1o pueblo de Balada desde las CASETAS DEL DELTA, en el centro mismo del Delta del Ebro. Una visita inolvidable.","og_url":"https:\/\/casesdeltaebre.com\/es\/balada\/","og_site_name":"Cases del Delta","article_modified_time":"2023-01-13T15:02:36+00:00","twitter_card":"summary_large_image","twitter_misc":{"Tiempo de lectura":"1 minuto"},"schema":{"@context":"https:\/\/schema.org","@graph":[{"@type":"WebPage","@id":"https:\/\/casesdeltaebre.com\/es\/balada\/","url":"https:\/\/casesdeltaebre.com\/es\/balada\/","name":"Balada - Cases del Delta","isPartOf":{"@id":"https:\/\/casesdeltaebre.com\/es\/#website"},"datePublished":"2019-06-23T14:08:13+00:00","dateModified":"2023-01-13T15:02:36+00:00","description":"Descubre el peque\u00f1o pueblo de Balada desde las CASETAS DEL DELTA, en el centro mismo del Delta del Ebro. Una visita inolvidable.","breadcrumb":{"@id":"https:\/\/casesdeltaebre.com\/es\/balada\/#breadcrumb"},"inLanguage":"es","potentialAction":[{"@type":"ReadAction","target":["https:\/\/casesdeltaebre.com\/es\/balada\/"]}]},{"@type":"BreadcrumbList","@id":"https:\/\/casesdeltaebre.com\/es\/balada\/#breadcrumb","itemListElement":[{"@type":"ListItem","position":1,"name":"Portada","item":"https:\/\/casesdeltaebre.com\/es\/"},{"@type":"ListItem","position":2,"name":"Balada"}]},{"@type":"WebSite","@id":"https:\/\/casesdeltaebre.com\/es\/#website","url":"https:\/\/casesdeltaebre.com\/es\/","name":"Cases del Delta","description":"Ecoturisme al Delta de l&#039;Ebre","publisher":{"@id":"https:\/\/casesdeltaebre.com\/es\/#organization"},"potentialAction":[{"@type":"SearchAction","target":{"@type":"EntryPoint","urlTemplate":"https:\/\/casesdeltaebre.com\/es\/?s={search_term_string}"},"query-input":"required name=search_term_string"}],"inLanguage":"es"},{"@type":"Organization","@id":"https:\/\/casesdeltaebre.com\/es\/#organization","name":"Cases del Delta","url":"https:\/\/casesdeltaebre.com\/es\/","logo":{"@type":"ImageObject","inLanguage":"es","@id":"https:\/\/casesdeltaebre.com\/es\/#\/schema\/logo\/image\/","url":"https:\/\/casesdeltaebre.com\/wp-content\/uploads\/2019\/06\/cropped-LogoCasesDeltaHoritzontal-1.png","contentUrl":"https:\/\/casesdeltaebre.com\/wp-content\/uploads\/2019\/06\/cropped-LogoCasesDeltaHoritzontal-1.png","width":938,"height":205,"caption":"Cases del Delta"},"image":{"@id":"https:\/\/casesdeltaebre.com\/es\/#\/schema\/logo\/image\/"}}]}},"_links":{"self":[{"href":"https:\/\/casesdeltaebre.com\/es\/wp-json\/wp\/v2\/pages\/2036","targetHints":{"allow":["GET"]}}],"collection":[{"href":"https:\/\/casesdeltaebre.com\/es\/wp-json\/wp\/v2\/pages"}],"about":[{"href":"https:\/\/casesdeltaebre.com\/es\/wp-json\/wp\/v2\/types\/page"}],"author":[{"embeddable":true,"href":"https:\/\/casesdeltaebre.com\/es\/wp-json\/wp\/v2\/users\/1"}],"replies":[{"embeddable":true,"href":"https:\/\/casesdeltaebre.com\/es\/wp-json\/wp\/v2\/comments?post=2036"}],"version-history":[{"count":13,"href":"https:\/\/casesdeltaebre.com\/es\/wp-json\/wp\/v2\/pages\/2036\/revisions"}],"predecessor-version":[{"id":4720,"href":"https:\/\/casesdeltaebre.com\/es\/wp-json\/wp\/v2\/pages\/2036\/revisions\/4720"}],"wp:attachment":[{"href":"https:\/\/casesdeltaebre.com\/es\/wp-json\/wp\/v2\/media?parent=2036"}],"curies":[{"name":"wp","href":"https:\/\/api.w.org\/{rel}","templated":true}]}}